{"id":5,"date":"2019-05-14T02:37:50","date_gmt":"2019-05-14T00:37:50","guid":{"rendered":"http:\/\/radzyminskitrail.pl\/index.php\/mesmerize\/"},"modified":"2025-10-20T10:51:10","modified_gmt":"2025-10-20T08:51:10","slug":"mesmerize","status":"publish","type":"page","link":"https:\/\/radzyminskitrail.pl\/","title":{"rendered":"Front Page"},"content":{"rendered":"<div  data-label=\"Partnerzy i Sponsorzy\" data-id=\"content--1\" data-export-id=\"content-12\" data-category=\"content\" class=\"content-12 content-section content-section-spacing\" id=\"partnerzy-i-sponsorzy\" style=\"background-color: rgb(255, 255, 255); background-image: none;\"><div  class=\"gridContainer\"> <div  class=\"row text-center\"><div  class=\"section-title-col\" data-type=\"column\"> <h2  class=\"\">Sponsorzy i Partnerzy  6 edycji biegu<\/h2> <\/div> <\/div> <div  class=\"row center-xs middle-xs\"> <div  class=\"col-sm-9\" data-type=\"column\"><img  decoding=\"async\" class=\"custom-image\" src=\"https:\/\/radzyminskitrail.pl\/wp-content\/uploads\/2025\/10\/cropped-560923775_1310690380752727_6528617222437203204_n.jpg\" title=\"cropped-560923775_1310690380752727_6528617222437203204_n.jpg\" alt=\"\"> <\/div> <\/div><\/div> <\/div><div  id=\"miejsce\" style=\"background-color: rgb(245, 250, 253); background-image: none;\" data-label=\"Miejsce\" data-id=\"about-1\" data-export-id=\"about-1\" data-category=\"about\" class=\"about-1 content-section\"><div  class=\"gridContainer\"> <div  class=\"row text-center\"><div  class=\"section-title-col\" data-type=\"column\"> <h5  class=\"\">RADZYMI\u0143SKI TRAIL<\/h5> <h2  class=\"\">Bieg prze\u0142ajowy rozgrywany na dystansie 10km organizowany w lesie<span  href=\"#\" style=\"font-weight: 700; font-family: Playfair Display,sans-serif; font-style: italic;\">&nbsp;<\/span>w Aleksandrowie k. Radzymina<br ><a  id=\"trasa\"><\/a><\/h2> <\/div> <\/div> <div  class=\"row\"> <div  class=\"button-holder space-bottom space-bottom-small\" data-type=\"column\"> <\/div> <div  class=\"col-xs bottom-xs flexbox image-group-bottom-3-img space-bottom-xs center-xs\"> <img  decoding=\"async\" class=\"left-img shadow-large-black\" data-size=\"500x300\" src=\"https:\/\/radzyminskitrail.pl\/wp-content\/uploads\/2019\/09\/9220021.jpg\" alt=\"\" title=\"OLYMPUS DIGITAL CAMERA\"> <img  decoding=\"async\" class=\"center-img shadow-large-black\" data-size=\"500x300\" src=\"https:\/\/radzyminskitrail.pl\/wp-content\/uploads\/2023\/10\/Trail_2023_-298-scaled.jpg\" alt=\"\" title=\"Trail_2023_ (298)\"> <img  decoding=\"async\" class=\"right-img shadow-large-black\" data-size=\"500x300\" src=\"https:\/\/radzyminskitrail.pl\/wp-content\/uploads\/2023\/10\/Trail_2023_-286-scaled.jpg\" alt=\"\" title=\"Trail_2023_ (286)\"><\/div> <\/div><\/div> <\/div><div  data-label=\"Cel biegu\" data-id=\"counters--2\" data-export-id=\"counters-2\" data-category=\"counters\" class=\"counters-2 content-section content-section-spacing\" id=\"cel-biegu\" style=\"background-color: rgb(245, 250, 253); background-image: none;\"><div  class=\"gridContainer\"> <div  class=\"row text-center\"><div  class=\"section-title-col\" data-type=\"column\"> <h2  class=\"\">Radzymi\u0144ski Trail\n<\/h2> <p  class=\"lead\">Celem biegu jest integracja lokalnego \u015brodowiska biegaczy, propagowanie zdrowego stylu \u017cycia, promocja atrakcyjnych teren\u00f3w le\u015bnych wok\u00f3\u0142 Radzymina, jak r\u00f3wnie\u017c edukacja w zakresie ekologii i dba\u0142o\u015bci o czysto\u015b\u0107 \u015brodowiska naturalnego.<\/p><\/div> <\/div> <div  class=\"row\" data-type=\"row\"> <div  class=\"col-xs-12 col-sm-4 text-center space-bottom\"> <i  class=\"fa fa-envira icon color1\"><\/i> <h3  class=\"font-400\" data-min=\"0\" data-max=\"100\" data-duration=\"7100\" data-prefix=\"\" data-suffix=\"%\" data-countup=\"true\" style=\"display: inline-block;\"><\/h3> <h5  class=\"upper color2\">NATURA<\/h5><\/div> <div  class=\"col-xs-12 col-sm-4 text-center space-bottom\"><i  class=\"fa icon color1 fa-heart\"><\/i> <h3  class=\"font-400\" data-min=\"0\" data-max=\"100\" data-duration=\"6900\" data-prefix=\"\" data-suffix=\"%\" data-countup=\"true\" style=\"display: inline-block;\"><\/h3> <h5  class=\"upper color2\">ZDROWIE<\/h5><\/div> <div  class=\"col-xs-12 col-sm-4 text-center space-bottom\"><i  class=\"fa icon color1 fa-globe\"><\/i> <h3  class=\"font-400\" data-min=\"0\" data-max=\"100\" data-duration=\"7200\" data-prefix=\"\" data-suffix=\"%\" data-countup=\"true\" style=\"display: inline-block;\"><\/h3> <h5  class=\"upper color2\">EKOLOGIA<\/h5><\/div> <\/div><\/div> <\/div><div  data-label=\"Trasa biegu\" data-id=\"about--1\" data-export-id=\"about-images-right-section\" data-category=\"about\" class=\"about-images-right-section content-section content-section-spacing\" id=\"trasa-biegu\" style=\"background-color: rgb(245, 250, 253); background-image: none;\"><div  class=\"gridContainer\"> <div  class=\"row middle-sm text-center\"><div  class=\"col-sm-5 content-left-sm\" data-type=\"column\"> <h5  class=\"\">RADZYMI\u0143SKI TRAIL<\/h5> <h2  class=\"\">Trasa biegu w ca\u0142o\u015bci prowadzi po le\u015bnych drogach i \u015bcie\u017ckach.<\/h2> <p  class=\"\">Pod\u0142o\u017ce jest twarde, cho\u0107 momentami jest troch\u0119 piasku. Je\u015bli popada deszcz mo\u017ce si\u0119 zdarzy\u0107 r\u00f3wnie\u017c odrobina b\u0142ota, tak jak na prawdziwy \u201ctrail\u201d przysta\u0142o. B\u0119d\u0105 te\u017c podbiegi i zbiegi, wi\u0119c wszyscy spragnieni prze\u0142ajowych atrakcji, na pewno b\u0119d\u0105 zadowoleni. Bieg g\u0142\u00f3wny \u2013 dystans 10 km. Limit czasu pokonania trasy to 1 godz. i 40 min. Po up\u0142ywie tego czasu zawodnicy zobowi\u0105zani s\u0105 do zej\u015bcia z trasy i zdj\u0119cia nr startowego.<\/p> <a  class=\"button color1\" href=\"https:\/\/radzyminskitrail.pl\/files\/rt_gps.zip\" target=\"_blank\" data-cp-link=\"1\" rel=\"noopener noreferrer\">Pobierz \u015blad GPS<\/a><\/div> <div  class=\"col-sm-7 space-bottom-xs\"><div  class=\"image-group-side-3-img\"> <img  decoding=\"async\" class=\"topimg shadow-large\" src=\"https:\/\/radzyminskitrail.pl\/wp-content\/uploads\/2023\/10\/Trail_2023_-286-scaled.jpg\" alt=\"\" title=\"Trail_2023_ (286)\"> <img  decoding=\"async\" class=\"rightimg shadow-large\" src=\"https:\/\/radzyminskitrail.pl\/wp-content\/uploads\/2023\/10\/Trail_2023_-187-scaled.jpg\" alt=\"\" title=\"Trail_2023_ (187)\"> <div  class=\"leftimg\"> <img  decoding=\"async\" class=\"shadow-large\" src=\"https:\/\/radzyminskitrail.pl\/wp-content\/uploads\/2025\/04\/rt-scaled.jpg\" alt=\"\" title=\"rt\"><\/div> <\/div><\/div> <\/div><\/div> <\/div><div  data-label=\"Impreza\" data-id=\"features--2\" data-export-id=\"features-16\" data-category=\"features\" class=\"features-16 content-section content-section-spacing\" id=\"impreza\" style=\"background-color: rgb(245, 250, 253);\"><div  class=\"gridContainer\"> <div  class=\"row text-center\"><div  class=\"section-title-col\" data-type=\"column\">  <\/div> <\/div> <div  class=\"row spaced-cols\" data-type=\"row\"> <div  class=\"col-xs-12 col-sm-6 col-md-4 space-bottom\"> <img  decoding=\"async\" class=\"face\" src=\"https:\/\/radzyminskitrail.pl\/wp-content\/uploads\/2023\/10\/Trail_2023_-473-scaled.jpg\" alt=\"\" title=\"Trail_2023_ (473)\"> <div  data-type=\"column\" class=\"col-padding-small col-padding-small-xs description-container\">   <\/div> <\/div> <div  class=\"col-xs-12 col-sm-6 col-md-4 space-bottom\"> <img  decoding=\"async\" class=\"face\" src=\"https:\/\/radzyminskitrail.pl\/wp-content\/uploads\/2019\/05\/1-2.jpg\" alt=\"\" title=\"1 (2)\"> <div  data-type=\"column\" class=\"col-padding-small col-padding-small-xs description-container\">   <\/div> <\/div> <div  class=\"col-xs-12 col-sm-6 col-md-4 space-bottom\"> <img  decoding=\"async\" class=\"face\" src=\"https:\/\/radzyminskitrail.pl\/wp-content\/uploads\/2023\/10\/Trail_2023_-76-scaled.jpg\" alt=\"\" title=\"Trail_2023_ (76)\"> <div  data-type=\"column\" class=\"col-padding-small col-padding-small-xs description-container\">   <\/div> <\/div><\/div> <\/div><\/div><div  id=\"zapisy-na-bieg\" style=\"background-color: rgb(245, 250, 253); background-image: none;\" data-label=\"Zapisy na bieg\" data-id=\"overlappable-4\" data-export-id=\"overlappable-4\" data-category=\"overlappable\" class=\"overlappable-4 content-section content-section-spacing\" data-overlap=\"true\"><div  class=\"gridContainer\"> <div  data-type=\"row\" class=\"row spaced-cols text-center\"><div  class=\"col-xs-12 col-sm-4 col-padding col-md-4 \"> <i  class=\"fa icon shadow-large-black aligncenter color1 fa-files-o reverse round large\"><\/i> <div  data-type=\"column\" class=\"\"> <h5  class=\"\">ZAPISY<\/h5> <p  class=\"\">Zapisy na 6. Radzymi\u0144ski Trail oraz&nbsp; Bieg dla dzieci<br ><br >Zg\u0142oszenia przyjmowane s\u0105 poprzez wype\u0142nienie formularza zg\u0142oszeniowego dost\u0119pnego na stronie www.zapisy.inessport.pl lub w Biurze Zawod\u00f3w.<\/p><p  class=\"lead\">\n<\/p><a  class=\"button blue\" href=\"https:\/\/zapisy.inessport.pl\/index.php?idm=15&amp;event=1236&amp;t=offline\" target=\"_blank\" data-cp-link=\"1\">Wyniki 6. Radzymi\u0144ski Trail<\/a><\/div> <\/div> <div  class=\"col-xs-12 col-sm-4 col-padding col-md-4 \"> <i  class=\"fa icon shadow-large-black aligncenter color1 fa-exclamation-circle reverse round large\"><\/i> <div  data-type=\"column\" class=\"\"><h5  class=\"\">OP\u0141ATA STARTOWA<\/h5> <p  class=\"\">Op\u0142at\u0119 startow\u0105 nale\u017cy ui\u015bci\u0107 za po\u015brednictwem portalu internetowego Przelewy24. P\u0142atno\u015b\u0107 za zapisy<br >w dniu zawod\u00f3w mo\u017cliwa b\u0119dzie tylko got\u00f3wk\u0105. Po dokonaniu zg\u0142oszenia system automatycznie przekierowuje na stron\u0119 Przelewy24, przez kt\u00f3r\u0105 nale\u017cy<br >dokona\u0107 op\u0142aty startowej. Przy zg\u0142oszeniu do dnia 12.10.2025 r. \u2013 60,00 z\u0142.&nbsp;Przy zg\u0142oszeniu po dniu 12.10.2025 r. op\u0142aty nale\u017cy dokona\u0107 w Biurze Zawod\u00f3w w wysoko\u015bci: 80,00 z\u0142.<\/p><\/div> <\/div><div  class=\"col-xs-12 col-sm-4 col-padding col-md-4 \"> <i  class=\"fa icon shadow-large-black aligncenter color1 fa-shopping-bag reverse round large\"><\/i> <div  data-type=\"column\" class=\"\"><h5  class=\"\">PAKIET STARTOWY<\/h5> <p  class=\"\">W ramach pakietu startowego uczestnicy otrzymuj\u0105 numer startowy wraz z agrafkami, wod\u0119 mineraln\u0105 na trasie i na mecie, opiek\u0119 medyczn\u0105 oraz pami\u0105tkowy medal po uko\u0144czeniu biegu.<\/p><\/div> <\/div> <\/div> <\/div><\/div><div  data-label=\"Regulaminy\" data-id=\"testimonials--1\" data-export-id=\"testimonials-1\" data-category=\"testimonials\" class=\"testimonials-1 content-section content-section-spacing\" id=\"regulaminy\" style=\"background-color: rgb(245, 250, 253);\"><div  class=\"gridContainer\"> <div  class=\"row\"><div  data-type=\"column\" class=\"section-title-col\"> <h2  class=\"\">Regulaminy<\/h2> <\/div> <\/div> <div  class=\"row spaced-cols content-center-sm center-sm\" data-type=\"row\"> <div  class=\"col-xs-12 col-sm-6 col-md-4\">    <h5  class=\"\">REGULAMIN BIEGU 6. RADZYMI\u0143SKI TRAIL&nbsp;<\/h5> <a  class=\"button blue\" href=\"https:\/\/radzyminskitrail.pl\/files\/regulamin-biegu-6-radzyminski-trail-2025.pdf\" target=\"_blank\" data-cp-link=\"1\" rel=\"noopener\">Otw\u00f3rz<\/a><\/div> <div  class=\"col-xs-12 col-sm-6 col-md-4\">   <h5  class=\"\">REGULAMIN BIEGU DLA DZIECI<\/h5> <a  class=\"button blue\" href=\"https:\/\/radzyminskitrail.pl\/files\/regulamin-biegu-dzieci-6-radzyminski-trail-2025.pdf\" target=\"_blank\" data-cp-link=\"1\" rel=\"noopener\">Otw\u00f3rz<\/a><\/div>  <\/div><\/div> <\/div><div  data-label=\"Punkty zywieniowe\" data-id=\"about--2\" data-export-id=\"about-9\" data-category=\"about\" class=\"about-9 content-section content-section-spacing\" id=\"punkty-zywieniowe\" style=\"background-color: rgb(245, 250, 253);\"><div  class=\"gridContainer\"> <div  class=\"row middle-sm text-center\"><div  class=\"col-sm-5 space-bottom-xs content-column content-left-sm\" data-type=\"column\"> <h5  class=\"\">RADZYMI\u0143SKI TRAIL<\/h5> <h2  class=\"\">Na trasie przewidziano dwa punkty z wod\u0105<font  face=\"Playfair Display, sans-serif\"><i > <\/i><\/font>na 3 i 7 kilometrze.<\/h2> <p  class=\"\">Trasa biegu b\u0119dzie oznaczona ta\u015bmami bia\u0142o-czerwonymi, b\u0119d\u0105 drogowskazy, strza\u0142ki, a \u017cyczliwi Wolotariusze pomog\u0105 w\u0142a\u015bciwie pokierowa\u0107 zawodnik\u00f3w. \n<br ><br >Limit czasowy na pokonanie trasy wynosi 1 godz. 45 min.<\/p> <img  decoding=\"async\" class=\"custom-image\" src=\"https:\/\/radzyminskitrail.pl\/wp-content\/uploads\/2019\/05\/rt_logo3_1_small2.png\" alt=\"\" title=\"rt_logo3_1_small2\"><\/div> <div  class=\"col-sm-7 flexbox flexbox middle-xs center-xs space-bottom-xs\"><div  class=\"overlay-box flexbox middle-xs center-xs overlay-holder \"> <div  class=\"overlay-box-offset offset-background shadow-medium bg-color2 hide-xs\"><\/div> <a  data-cp-link=\"1\" href=\"https:\/\/radzyminskitrail.pl\/wp-content\/uploads\/2019\/05\/mapa.png\" target=\"_blank\" class=\"\" rel=\"noopener noreferrer\"><img  decoding=\"async\" class=\"flexbox shadow-large img1\" src=\"https:\/\/radzyminskitrail.pl\/wp-content\/uploads\/2019\/05\/mapa.png\" data-size=\"600x400\" alt=\"\" title=\"mapa\"><\/a><\/div> <\/div><\/div> <\/div><\/div><div  data-label=\"Bieg dla dzieci\" data-id=\"portfolio--2\" data-export-id=\"portfolio-4\" data-category=\"portfolio\" class=\"portfolio-4 content-section content-section-spacing-top\" id=\"bieg-dla-dzieci\" style=\"background-color: rgb(245, 250, 253);\"><div  class=\"\"> <div  class=\"row text-center\"><div  class=\"section-title-col\" data-type=\"column\"> <h2  class=\"\">Bieg dla dzieci<\/h2> <p  class=\"lead\">Bieg dla dzieci odb\u0119dzie si\u0119 w dniu 19.10.2025 w Radzyminie.<br >Start o godzinie 10.00. Najpierw startuj\u0105 najm\u0142odsze dzieci. Kolejne zawody nast\u0119puj\u0105 bezpo\u015brednio po sobie.<\/p><h3  class=\"\">Oddzielna klasyfikacja dla dziewczynek i ch\u0142opc\u00f3w<\/h3><h4  class=\"\">do 4 lat \u2013 roczniki 2021 i m\u0142odsi: bieg na dystansie 50 m<br >5 \u2013 6 lat \u2013 roczniki 2019-2020: bieg na dystansie 100 m<br >7 \u2013 8 lat \u2013 roczniki 2017-2018: bieg na dystansie 250 m<br >9 \u2013 10 lat \u2013 roczniki 2015-2016 bieg na dystansie 350 m<br >11 \u2013 12 lat \u2013 roczniki 2013-2014: bieg na dystansie 500 m<br >13 \u2013 14 lat \u2013 roczniki 2011-2012: bieg na dystansie 1000 m<\/h4><\/div> <\/div> <div  data-type=\"row\" class=\"row\" data-fixed=\"true\"> <div  class=\"col-xs-12 col-sm-3 no-gutter-col\"> <div  class=\"contentswap-effect\" data-hover-fx=\"portfolio-4\"> <div  class=\"initial-image\"> <img  decoding=\"async\" data-size=\"542x360\" src=\"https:\/\/radzyminskitrail.pl\/wp-content\/uploads\/2019\/09\/D3S1820.jpg\"><\/div> <div  class=\"overlay bg-color1\"><\/div> <div  class=\"swap-inner col-xs-12\"> <div  class=\"row full-height-row middle-xs middle-sm\"> <div  class=\"col-xs-12 text-center content-holder\"> <a  href=\"https:\/\/radzyminskitrail.pl\/#bieg-dla-dzieci\" target=\"_self\" rel=\"noopener\"><i  class=\"fa icon portfolio-icon fa-smile-o big\" aria-hidden=\"true\"><\/i><\/a><\/div> <\/div><\/div> <\/div><\/div> <div  class=\"col-xs-12 col-sm-3 no-gutter-col\"><div  class=\"contentswap-effect\" data-hover-fx=\"portfolio-4\"> <div  class=\"initial-image\"> <img  decoding=\"async\" data-size=\"542x360\" src=\"https:\/\/radzyminskitrail.pl\/wp-content\/uploads\/2019\/09\/D3S1785.jpg\"><\/div> <div  class=\"overlay bg-color1\"><\/div> <div  class=\"swap-inner col-xs-12\"> <div  class=\"row full-height-row middle-xs middle-sm\"> <div  class=\"col-xs-12 text-center content-holder\"> <a  href=\"https:\/\/radzyminskitrail.pl\/#bieg-dla-dzieci\" target=\"_self\" rel=\"noopener\"><i  class=\"fa icon portfolio-icon fa-smile-o big\" aria-hidden=\"true\"><\/i><\/a><\/div> <\/div><\/div> <\/div><\/div> <div  class=\"col-xs-12 col-sm-3 no-gutter-col\"><div  class=\"contentswap-effect\" data-hover-fx=\"portfolio-4\"> <div  class=\"initial-image\"> <img  decoding=\"async\" data-size=\"542x360\" src=\"https:\/\/radzyminskitrail.pl\/wp-content\/uploads\/2019\/09\/D3S1950.jpg\"><\/div> <div  class=\"overlay bg-color1\"><\/div> <div  class=\"swap-inner col-xs-12\"> <div  class=\"row full-height-row middle-xs middle-sm\"> <div  class=\"col-xs-12 text-center content-holder\"> <a  href=\"https:\/\/radzyminskitrail.pl\/#bieg-dla-dzieci\" target=\"_self\" rel=\"noopener\"><i  class=\"fa icon portfolio-icon fa-smile-o big\" aria-hidden=\"true\"><\/i><\/a><\/div> <\/div><\/div> <\/div><\/div> <div  class=\"col-xs-12 col-sm-3 no-gutter-col\"><div  class=\"contentswap-effect\" data-hover-fx=\"portfolio-4\"> <div  class=\"initial-image\"> <img  decoding=\"async\" data-size=\"542x360\" src=\"https:\/\/radzyminskitrail.pl\/wp-content\/uploads\/2019\/09\/D3S1788.jpg\"><\/div> <div  class=\"overlay bg-color1\"><\/div> <div  class=\"swap-inner col-xs-12\"> <div  class=\"row full-height-row middle-xs middle-sm\"> <div  class=\"col-xs-12 text-center content-holder\"> <a  href=\"https:\/\/radzyminskitrail.pl\/#bieg-dla-dzieci\" target=\"_self\" rel=\"noopener\"><i  class=\"fa icon portfolio-icon fa-smile-o big\" aria-hidden=\"true\"><\/i><\/a><\/div> <\/div><\/div> <\/div><\/div> <div  class=\"col-xs-12 col-sm-3 no-gutter-col\"><div  class=\"contentswap-effect\" data-hover-fx=\"portfolio-4\"> <div  class=\"initial-image\"> <img  decoding=\"async\" data-size=\"542x360\" src=\"https:\/\/radzyminskitrail.pl\/wp-content\/uploads\/2019\/09\/D3S1991.jpg\"><\/div> <div  class=\"overlay bg-color1\"><\/div> <div  class=\"swap-inner col-xs-12\"> <div  class=\"row full-height-row middle-xs middle-sm\"> <div  class=\"col-xs-12 text-center content-holder\"> <a  href=\"https:\/\/radzyminskitrail.pl\/#bieg-dla-dzieci\" target=\"_self\" rel=\"noopener\"><i  class=\"fa icon portfolio-icon fa-smile-o big\" aria-hidden=\"true\"><\/i><\/a><\/div> <\/div><\/div> <\/div><\/div> <div  class=\"col-xs-12 col-sm-3 no-gutter-col\"><div  class=\"contentswap-effect\" data-hover-fx=\"portfolio-4\"> <div  class=\"initial-image\"> <img  decoding=\"async\" data-size=\"542x360\" src=\"https:\/\/radzyminskitrail.pl\/wp-content\/uploads\/2019\/09\/D3S2005.jpg\"><\/div> <div  class=\"overlay bg-color1\"><\/div> <div  class=\"swap-inner col-xs-12\"> <div  class=\"row full-height-row middle-xs middle-sm\"> <div  class=\"col-xs-12 text-center content-holder\"> <a  href=\"https:\/\/radzyminskitrail.pl\/#bieg-dla-dzieci\" target=\"_self\" rel=\"noopener\"><i  class=\"fa icon portfolio-icon fa-smile-o big\" aria-hidden=\"true\"><\/i><\/a><\/div> <\/div><\/div> <\/div><\/div> <div  class=\"col-xs-12 col-sm-3 no-gutter-col\"><div  class=\"contentswap-effect\" data-hover-fx=\"portfolio-4\"> <div  class=\"initial-image\"> <img  decoding=\"async\" data-size=\"542x360\" src=\"https:\/\/radzyminskitrail.pl\/wp-content\/uploads\/2019\/09\/D3S2009.jpg\"><\/div> <div  class=\"overlay bg-color1\"><\/div> <div  class=\"swap-inner col-xs-12\"> <div  class=\"row full-height-row middle-xs middle-sm\"> <div  class=\"col-xs-12 text-center content-holder\"> <a  href=\"https:\/\/radzyminskitrail.pl\/#bieg-dla-dzieci\" target=\"_self\" rel=\"noopener\"><i  class=\"fa icon portfolio-icon fa-smile-o big\" aria-hidden=\"true\"><\/i><\/a><\/div> <\/div><\/div> <\/div><\/div> <div  class=\"col-xs-12 col-sm-3 no-gutter-col\"><div  class=\"contentswap-effect\" data-hover-fx=\"portfolio-4\"> <div  class=\"initial-image\"> <img  decoding=\"async\" data-size=\"542x360\" src=\"https:\/\/radzyminskitrail.pl\/wp-content\/uploads\/2019\/09\/D3S2375.jpg\"><\/div> <div  class=\"overlay bg-color1\"><\/div> <div  class=\"swap-inner col-xs-12\"> <div  class=\"row full-height-row middle-xs middle-sm\"> <div  class=\"col-xs-12 text-center content-holder\"> <a  href=\"https:\/\/radzyminskitrail.pl\/#bieg-dla-dzieci\" target=\"_self\" rel=\"noopener\"><i  class=\"fa icon portfolio-icon fa-smile-o big\" aria-hidden=\"true\"><\/i><\/a><\/div> <\/div><\/div> <\/div><\/div> <\/div><\/div> <\/div><div  id=\"organizator\" style=\"background-color: #ffffff;\" data-label=\"Organizator\" data-id=\"features-12-card-bordered\" data-export-id=\"features-12-card-bordered\" data-category=\"features\" class=\"features-12-card-bordered content-section content-section-spacing \"><div  class=\"gridContainer\"> <div  class=\"row text-center\"><div  class=\"section-title-col\" data-type=\"column\"> <h2  class=\"\">Radzymi\u0144ski Trail<\/h2> <p  class=\"lead\">Bieg  bardzo dobrze wpisuje si\u0119 w aktualne trendy i upodobania biegaczy, kt\u00f3rzy coraz cz\u0119\u015bciej poszukuj\u0105 zawod\u00f3w biegowych organizowanych z dala od miejskiego zgie\u0142ku, asfaltowych dr\u00f3g i ruchu ulicznego. Takie w\u0142a\u015bnie warunki biegacze spotkaj\u0105 w radzymi\u0144skim lesie.&nbsp;Bieg ma charakter cykliczny \u2013 organizowany corocznie, w okresie jesiennym.\n<\/p><a  data-cp-link=\"1\" href=\"http:\/\/radzyminrunteam.pl\" class=\"\" target=\"_blank\" rel=\"noopener\"><img  decoding=\"async\" class=\"custom-image\" src=\"https:\/\/radzyminskitrail.pl\/wp-content\/uploads\/2019\/05\/4-4.png\" alt=\"\" title=\"4 (4)\"><\/a><a  data-cp-link=\"1\" href=\"https:\/\/rokis.radzymin.pl\" class=\"\" target=\"_blank\" rel=\"noopener\"><img  decoding=\"async\" class=\"custom-image\" src=\"https:\/\/radzyminskitrail.pl\/wp-content\/uploads\/2024\/08\/logo-rokis-1-300x130-1.png\" title=\"cropped-rokis_logo.png\" alt=\"\"><\/a><\/div> <\/div> <div  class=\"row spaced-cols\" data-type=\"row\"> <div  class=\"col-sm-6\"> <div  class=\"card row-card bordered y-move\"> <div  class=\"row\"> <div  class=\"col-sm-fit icon-column\"> <a  data-cp-link=\"1\" href=\"http:\/\/radzyminrunteam.pl\" target=\"_blank\" class=\"\" rel=\"noopener noreferrer\"><i  class=\"fa icon color2 fa-check-square bordered round\"><\/i><\/a> <\/div> <div  class=\"col-sm\" data-type=\"column\"> <h5  class=\"color2\">ORGANIZATOR<\/h5> <p  class=\"\">Organizatorem biegu jest amatorska dru\u017cyna biegaczy z Radzymina \u201cRADZYMIN RUN TEAM\u201d. Ludzie z pasj\u0105, niezwykle energiczni i pozytywnie nakr\u0119ceni. Z takim w\u0142a\u015bnie podej\u015bciem, pe\u0142ni entuzjazmu i zapa\u0142u, biegacze postanowili zrobi\u0107 co\u015b dla innych, podobnych Zapale\u0144c\u00f3w i zorganizowali bieg \u201cRadzymi\u0144ski Trail\u201d.&nbsp;<\/p><h5  class=\"\"><\/h5><\/div> <\/div><\/div> <\/div> <div  class=\"col-sm-6\"> <div  class=\"card row-card bordered y-move\"> <div  class=\"row\"> <div  class=\"col-sm-fit icon-column\"> <a  data-cp-link=\"1\" href=\"http:\/\/www.radzymin.pl\" target=\"_blank\" class=\"\" rel=\"noopener noreferrer\"><i  class=\"fa icon color2 fa-handshake-o bordered round\"><\/i><\/a> <\/div> <div  class=\"col-sm\" data-type=\"column\"> <h5  class=\"color2\">WSP\u00d3\u0141ORGANIZATOR<\/h5> <p  class=\"\">Radzymi\u0144ski O\u015brodek Kultury i Sportu<br >\n<\/p><\/div> <\/div><\/div> <\/div>  <\/div> <\/div><\/div><div  data-label=\"Organizator 2\" data-id=\"clients--1\" data-export-id=\"clients-1\" data-category=\"clients\" class=\"clients-1 content-section content-section-spacing\" id=\"organizator-2\" style=\"background-color: rgb(245, 250, 253);\"><div  class=\"gridContainer\"> <div  class=\"row middle-sm\"><div  data-type=\"column\" class=\"col-sm-6 space-bottom-xs\"> <h2  class=\"font-700\">Organizator<\/h2> <p  class=\"lead\">Radzymin Run Team\n<\/p><\/div> <div  class=\"col-sm-6\"><div  data-type=\"row\" class=\"row spaced-cols center-xs padding-lr\"> <div  class=\"col-xs-3 col-md-3\"> <a  data-cp-link=\"1\" href=\"http:\/\/radzyminrunteam.pl\" class=\"\" target=\"_blank\" rel=\"noopener noreferrer\"><img  decoding=\"async\" src=\"https:\/\/radzyminskitrail.pl\/wp-content\/uploads\/2019\/05\/4-4.png\" class=\"desaturate\" alt=\"\" title=\"4 (4)\"><\/a><\/div>  <div  class=\"col-xs-3 col-md-3\"> <a  data-cp-link=\"1\" href=\"http:\/\/www.radzymin.pl\" class=\"\" target=\"_blank\" rel=\"noopener noreferrer\"><img  decoding=\"async\" src=\"https:\/\/radzyminskitrail.pl\/wp-content\/uploads\/2019\/05\/4-1.png\" class=\"desaturate\" alt=\"\" title=\"4 (1)\"><\/a><\/div> <div  class=\"col-xs-3 col-md-3\"> <a  data-cp-link=\"1\" href=\"http:\/\/www.radzymin.pl\" class=\"\" target=\"_blank\" rel=\"noopener noreferrer\"><img  decoding=\"async\" src=\"https:\/\/radzyminskitrail.pl\/wp-content\/uploads\/2019\/05\/4-2.png\" class=\"desaturate\" alt=\"\" title=\"4 (2)\"><\/a><\/div> <div  class=\"col-xs-3 col-md-3\"> <a  data-cp-link=\"1\" href=\"http:\/\/www.rokis.rpinfo.pl\" class=\"\" target=\"_blank\" rel=\"noopener noreferrer\"><img  decoding=\"async\" src=\"https:\/\/radzyminskitrail.pl\/wp-content\/uploads\/2022\/10\/cropped-rokis_logo.png\" class=\"desaturate\" alt=\"\" title=\"4 (4)\"><\/a><\/div><\/div><\/div> <\/div><\/div> <\/div><div  data-label=\"Opis imprezy\" data-id=\"features--1\" data-export-id=\"features-13\" data-category=\"features\" class=\"features-13 content-section content-section-spacing\" id=\"opis-imprezy\" style=\"background-color: rgb(255, 255, 255); background-image: none;\"><div  class=\"gridContainer\"> <div  class=\"row text-center\"><div  class=\"section-title-col\" data-type=\"column\"> <h2  class=\"\">Opis imprezy<\/h2> <p  class=\"lead\">Do startu tegorocznej edycji biegu \u201cRadzymi\u0144ski Trail\u201d pozosta\u0142o ju\u017c niewiele czasu, a wi\u0119c nadszed\u0142 czas aby pozna\u0107 szczeg\u00f3\u0142owy harmonogram imprezy.\n<\/p><\/div> <\/div> <div  class=\"row spaced-cols\" data-type=\"row\"> <div  class=\"col col-sm-6 space-bottom col-md-4\"> <i  class=\"fa icon color1 fa-road bordered round big\"><\/i> <h4  class=\"\">DOJAZD I PARKING<\/h4> <p  class=\"\">Dojazd do Biura Zawod\u00f3w z centrum miasta Radzymin prowadzi: Al. Jana Paw\u0142a II (droga 635), nast\u0119pnie ul. Genera\u0142a Stanis\u0142awa Maczka \u2013 do ko\u0144ca, a nast\u0119pnie w lewo w ul. Now\u0105, po czym zaraz w prawo w ul. Batalion\u00f3w Ch\u0142opskich. Dalej kierujemy si\u0119 a\u017c do skrzy\u017cowania z ul. Pogodn\u0105, kt\u00f3ra odchodzi w prawo, w kierunku lasu, prosto do Biura zawod\u00f3w. <br ><br >Samochody nale\u017cy bezpiecznie zaparkowa\u0107 wzd\u0142u\u017c ul. Batalion\u00f3w Ch\u0142opskich na poboczu. S\u0142u\u017cby porz\u0105dkowe wska\u017c\u0105 najlepsze miejsca do zaparkowania.<\/p> <\/div> <div  class=\"col col-sm-6 space-bottom col-md-4\"><i  class=\"fa icon color1 fa-file-text bordered round big\"><\/i> <h4  class=\"\">PROGRAM<\/h4> <p  class=\"\">8.00 \u2013 otwarcie Biura Zawod\u00f3w dla dzieci (biuro mie\u015bci\u0107 si\u0119 b\u0119dzie w namiocie obok miejsca startu\/mety)<br >9.30 \u2013 zamkni\u0119cie Biura Zawod\u00f3w \u2013 dla dzieci.<br >10:00 \u2013 otwarcie Biura Zawod\u00f3w dla Biegu G\u0142\u00f3wnego (biuro mie\u015bci\u0107 si\u0119 b\u0119dzie w namiocie w okolicach Startu\/Mety)<br >10.00 \u2013 rozpocz\u0119cie bieg\u00f3w dla dzieci<br >11:30 \u2013 zamkni\u0119cie Biura Zawod\u00f3w dla Biegu G\u0142\u00f3wnego<br >11:40 \u2013 dekoracja zwyci\u0119zc\u00f3w biegu dla dzieci<br >12:30 \u2013 start Biegu G\u0142\u00f3wnego<br >14:15 \u2013 wr\u0119czenie nagr\u00f3d zwyci\u0119zcom Biegu G\u0142\u00f3wnego<br >14:30 \u2013 losowanie upomink\u00f3w mi\u0119dzy wszystkimi uczestnikami biegu<\/p> <\/div> <div  class=\"col col-sm-6 space-bottom col-md-4\"><i  class=\"fa icon color1 fa-child bordered round big\"><\/i> <h4  class=\"\">POSI\u0141EK PO BIEGU<\/h4> <p  class=\"\">Zawodnicy po biegu otrzymaj\u0105 gor\u0105cy posi\u0142ek regeneracyjny w postaci pysznej zupy. B\u0119d\u0105 te\u017c s\u0142odko\u015bci, domowe ciasta, herbata, a na zako\u0144czenie dla ch\u0119tnych ognisko z pieczeniem kie\u0142basek!<\/p> <\/div>  <div  class=\"col col-sm-6 space-bottom col-md-4\"> <i  class=\"fa icon color1 fa-inbox bordered round big\"><\/i> <h4  class=\"\">DEPOZYT<\/h4> <p  class=\"\">Obok Biura Zawod\u00f3w b\u0119dzie oznaczony punkt depozytowy, gdzie Zawodnicy mog\u0105 odda\u0107 swoje rzeczy zapakowane we w\u0142asne worki (torba, plecak) z opisanym czytelnie numerem, zgodnym z numerem startowym uczestnika. Oddawanie rzeczy b\u0119dzie odbywa\u0107 si\u0119 za okazaniem numeru startowego. Zagubienie numeru startowego zwalnia organizatora od odpowiedzialno\u015bci za pobranie rzeczy pozostawionych przez inn\u0105 osob\u0119. <br ><br >Organizator nie prowadzi depozytu dla rzeczy warto\u015bciowych.<\/p> <\/div><div  class=\"col col-sm-6 space-bottom col-md-4\"> <i  class=\"fa icon color1 fa-clock-o bordered round big\"><\/i> <h4  class=\"\">POMIAR CZASU<\/h4> <p  class=\"\">Organizator zapewnia elektroniczny pomiar czasy, kt\u00f3ry odb\u0119dzie si\u0119 za pomoc\u0105 zwrotnych chip\u00f3w mocowanych do buta. Nale\u017cy pami\u0119ta\u0107, aby chipy by\u0142y zamontowane do buta, a nie np. przenoszone w kieszeni, gdy\u017c mog\u0105 nie zadzia\u0142a\u0107.<br ><br >Brak numeru oraz prawid\u0142owo zamontowanego chipa przy bucie b\u0119dzie r\u00f3wnoznaczny z dyskwalifikacj\u0105 zawodnika. Po zako\u0144czonym biegu, ka\u017cdy zawodnik zobowi\u0105zany jest do zwr\u00f3cenia chipa na mecie biegu.<\/p> <\/div><div  class=\"col col-sm-6 space-bottom col-md-4\"> <i  class=\"fa icon color1 fa-street-view bordered round big\"><\/i> <h4  class=\"\">LOSOWANIE NAGR\u00d3D<\/h4> <p  class=\"\">Po zako\u0144czeniu ceremonii dekoracji zwyci\u0119zc\u00f3w odb\u0119dzie si\u0119 losowanie nagr\u00f3d pomi\u0119dzy wszystkimi zawodnikami, kt\u00f3rzy uko\u0144czyli bieg i b\u0119d\u0105 obecni podczas losowania. Osoba wylosowana powinna posiada\u0107 przy sobie numer startowy i dokument to\u017csamo\u015bci!<\/p> <\/div><\/div><\/div> <\/div><div  data-label=\"Fajny bieg\" data-id=\"clients--2\" data-export-id=\"clients-4\" data-category=\"clients\" class=\"clients-4 content-section content-section-spacing-small\" id=\"fajny-bieg\" style=\"background-color: rgb(255, 255, 255); background-image: none;\"><div  class=\"gridContainer\"> <div  class=\"row\"><div  data-type=\"column\" class=\"section-title-col\">   <!-- End of KKCountdown Div -->\n    \n     <!-- End of KKCountdown Div -->\n<\/div> <\/div> <div  data-type=\"row\" class=\"row spaced-cols middle-xs center-xs space-bottom padding-lr\">      <div  class=\"col-xs-6 col-sm-2\"> <\/div> <\/div><\/div> <\/div><div  data-label=\"Zdjecia\" data-id=\"portfolio--1\" data-export-id=\"portfolio-5\" data-category=\"portfolio\" class=\"portfolio-5 content-section content-section-spacing\" id=\"zdjecia\" style=\"background-color: rgb(245, 250, 253); background-image: none;\"><div  class=\"gridContainer\"> <div  class=\"row text-center\"><div  class=\"section-title-col\" data-type=\"column\"> <h2  class=\"\">Fajny bieg, czyli atmosfera robi swoje!<\/h2> <p  class=\"lead\">Spojrzenie na \u201cRadzymi\u0144ski Trail\u201d z troch\u0119 innej perspektywy<\/p><\/div> <\/div> <div  class=\"row space-bottom spaced-cols\" data-type=\"row\"> <div  class=\"col-xs-12 col-sm-4 text-center\"> <div  class=\"card no-padding bordered\"> <div  data-hover-fx=\"portfolio-6\" class=\"contentswap-effect\"> <div  class=\"initial-image\"> <img  decoding=\"async\" data-size=\"500x333\" src=\"https:\/\/radzyminskitrail.pl\/wp-content\/uploads\/2023\/10\/Trail_2023_-162-scaled.jpg\"><\/div> <div  class=\"overlay bg-color6\"><\/div> <div  class=\"swap-inner col-xs-12\"> <div  class=\"row full-height-row middle-xs middle-sm\"> <div  class=\"col-xs-12 text-center content-holder\"> <a  class=\"button small color2\" href=\"https:\/\/radzyminskitrail.pl\/wp-content\/uploads\/2022\/12\/RT_2022-16-scaled.jpg\" target=\"_blank\" data-cp-link=\"1\" rel=\"noopener noreferrer\">Powi\u0119ksz<\/a><\/div> <\/div><\/div> <\/div> <div  class=\"col-xs-12\"> <div  class=\"space-bottom space-top\" data-type=\"column\"> <h5  class=\"\">Biuro zawod\u00f3w<\/h5> <p  class=\"small italic\">Tak pracuje biuro zawod\u00f3w. Organizacja jest tutaj zawsze na najwy\u017cszym poziomie!<\/p><\/div> <\/div><\/div> <\/div> <div  class=\"col-xs-12 col-sm-4 text-center\"> <div  class=\"card no-padding bordered\"> <div  data-hover-fx=\"portfolio-6\" class=\"contentswap-effect\"> <div  class=\"initial-image\"> <img  decoding=\"async\" data-size=\"500x333\" src=\"https:\/\/radzyminskitrail.pl\/wp-content\/uploads\/2023\/10\/Trail_2023_-253-scaled.jpg\"><\/div> <div  class=\"overlay bg-color6\"><\/div> <div  class=\"swap-inner col-xs-12\"> <div  class=\"row full-height-row middle-xs middle-sm\"> <div  class=\"col-xs-12 text-center content-holder\"> <a  class=\"button small color2\" href=\"https:\/\/radzyminskitrail.pl\/wp-content\/uploads\/2022\/12\/RT_2022-145-scaled.jpg\" target=\"_blank\" data-cp-link=\"1\" rel=\"noopener noreferrer\">Powi\u0119ksz<\/a><\/div> <\/div><\/div> <\/div> <div  class=\"col-xs-12\"> <div  class=\"space-bottom space-top\" data-type=\"column\"> <h5  class=\"\">Rozgrzewka<\/h5> <p  class=\"small italic\">\u017baden bieg nie mo\u017ce si\u0119 obej\u015b\u0107, bez wsp\u00f3lnej rozgrzewki.<\/p><\/div> <\/div><\/div> <\/div><div  class=\"col-xs-12 col-sm-4 text-center\"> <div  class=\"card no-padding bordered\"> <div  data-hover-fx=\"portfolio-6\" class=\"contentswap-effect\"> <div  class=\"initial-image\"> <img  decoding=\"async\" data-size=\"500x333\" src=\"https:\/\/radzyminskitrail.pl\/wp-content\/uploads\/2023\/10\/Trail_2023_-172-scaled.jpg\"><\/div> <div  class=\"overlay bg-color6\"><\/div> <div  class=\"swap-inner col-xs-12\"> <div  class=\"row full-height-row middle-xs middle-sm\"> <div  class=\"col-xs-12 text-center content-holder\"> <a  class=\"button small color2\" href=\"https:\/\/radzyminskitrail.pl\/wp-content\/uploads\/2022\/12\/RT_2022-33-scaled.jpg\" target=\"_blank\" data-cp-link=\"1\" rel=\"noopener noreferrer\">Powi\u0119ksz<\/a><\/div> <\/div><\/div> <\/div> <div  class=\"col-xs-12\"> <div  class=\"space-bottom space-top\" data-type=\"column\"> <h5  class=\"\">Nasi wolontariusze<\/h5> <p  class=\"small italic\">Wolontariusze podaj\u0105 biegaczom wod\u0119, robi\u0105 oprawy na swoim sektorze oraz dopinguj\u0105 do dalszego biegu.<\/p><\/div> <\/div><\/div> <\/div> <\/div> <div  class=\"row\"><div  data-type=\"column\" class=\"col-xs-12 text-center\"> <\/div> <\/div><\/div> <\/div><div  data-label=\"Plogging\" data-id=\"about--3\" data-export-id=\"about-4\" data-category=\"about\" class=\"about-4 content-section content-section-spacing\" id=\"plogging\" style=\"background-color: rgb(245, 250, 253); background-image: none;\"><div  class=\"gridContainer\"> <div  class=\"row middle-sm text-center\"><div  class=\"col-sm-5 space-bottom-xs\" data-type=\"column\"> <h5  class=\"\">RADZYMI\u0143SKI TRAIL<\/h5> <h2  class=\"\">Plogging to wyj\u0105tkowa odmiana treningu, kt\u00f3ra charakteryzuje si\u0119 szczeg\u00f3ln\u0105 dba\u0142o\u015bci\u0105 o \u015brodowisko.<\/h2> <p  class=\"\">Nasz bieg promuje tzw. \u201eplogging\u201d (biegnij i zbieraj), czyli aktywno\u015b\u0107 biegow\u0105 \u0142\u0105cz\u0105c\u0105 bieganie i jednoczesne zabieranie \u015bmieci porzuconych na \u015bcie\u017cce. Aktualnie to bardzo popularny trend, zapocz\u0105tkowany w Szwecji, kt\u00f3ry dosy\u0107 szybko zyskuje popularno\u015b\u0107 r\u00f3wnie\u017c w Polsce.\n<br >\n<br >Potrzeb\u0119 takich akcji doskonale rozumiej\u0105 wszyscy mi\u0142o\u015bnicy przyrody, kt\u00f3rym nie jest oboj\u0119tny stan las\u00f3w, kt\u00f3re niestety cz\u0119sto s\u0105 za\u015bmiecane.&nbsp;<\/p> <img  decoding=\"async\" class=\"custom-image\" src=\"https:\/\/radzyminskitrail.pl\/wp-content\/uploads\/2019\/05\/plogging_1.jpg\" alt=\"\" title=\"plogging_1\"><\/div> <div  class=\"col-sm-7 flexbox center-xs middle-xs image-group-2-img\"> <img  decoding=\"async\" class=\"img-1 shadow-large\" data-size=\"250x200\" src=\"https:\/\/radzyminskitrail.pl\/wp-content\/uploads\/2019\/05\/7-2.jpg\" alt=\"\" title=\"7 (2)\"> <img  decoding=\"async\" class=\"img-2 shadow-large\" data-size=\"220x170\" src=\"https:\/\/radzyminskitrail.pl\/wp-content\/uploads\/2019\/09\/71313458_404213100283475_6248802761387802624_n.jpg\" alt=\"\" title=\"71313458_404213100283475_6248802761387802624_n\"><\/div> <\/div><\/div> <\/div><div  id=\"kontakt\" data-label=\"Kontakt\" data-id=\"contact-1\" data-export-id=\"contact-1\" data-category=\"contact\" class=\"contact-1 content-section content-section-spacing white-text\" data-parallax-depth=\"20\" style=\"background-size: cover; background-position: center top; background-image: url(&quot;https:\/\/radzyminskitrail.pl\/wp-content\/uploads\/2019\/05\/2-3.jpg&quot;);\"><div  class=\"gridContainer\"> <div  class=\"row text-center\"><div  class=\"section-title-col\" data-type=\"column\"> <h2  class=\"\">Skontaktuj si\u0119 z nami<\/h2> <p  class=\"lead\">Je\u015bli masz pytania dotycz\u0105ce naszego biegu, skontaktuj si\u0119 z nami, korzystaj\u0105c z poni\u017cszego formularza.<\/p><\/div> <\/div> <div  class=\"row text-center\"> <div  class=\"col-xs-12 col-sm-8 col-sm-offset-2 contact-form-wrapper inline-info\"> <div  class=\"card large-padding\"> <div  class=\"\" data-content-shortcode=\"mesmerize_contact_form shortcode=&quot;wpforms id=&amp;amp;quot;208&amp;amp;quot;&quot;\" data-editable=\"true\"><div class=\"wpforms-container wpforms-container-full\" id=\"wpforms-208\"><form id=\"wpforms-form-208\" class=\"wpforms-validate wpforms-form\" data-formid=\"208\" method=\"post\" enctype=\"multipart\/form-data\" action=\"\/index.php\/wp-json\/wp\/v2\/pages\/5\" data-token=\"87e22a366484527a15101c1fd079b162\" data-token-time=\"1777713678\"><noscript class=\"wpforms-error-noscript\">Please enable JavaScript in your browser to complete this form.<\/noscript><div class=\"wpforms-field-container\"><div id=\"wpforms-208-field_0-container\" class=\"wpforms-field wpforms-field-name\" data-field-id=\"0\"><label class=\"wpforms-field-label\" for=\"wpforms-208-field_0\">Imi\u0119 i nazwisko <span class=\"wpforms-required-label\">*<\/span><\/label><input type=\"text\" id=\"wpforms-208-field_0\" class=\"wpforms-field-large wpforms-field-required\" name=\"wpforms[fields][0]\" required><\/div>\t\t<div id=\"wpforms-208-field_3-container\"\n\t\t\tclass=\"wpforms-field wpforms-field-text\"\n\t\t\tdata-field-type=\"text\"\n\t\t\tdata-field-id=\"3\"\n\t\t\t>\n\t\t\t<label class=\"wpforms-field-label\" for=\"wpforms-208-field_3\" >i Imi\u0119 Wiadomo\u015b\u0107<\/label>\n\t\t\t<input type=\"text\" id=\"wpforms-208-field_3\" class=\"wpforms-field-medium\" name=\"wpforms[fields][3]\" >\n\t\t<\/div>\n\t\t<div id=\"wpforms-208-field_1-container\" class=\"wpforms-field wpforms-field-email\" data-field-id=\"1\"><label class=\"wpforms-field-label\" for=\"wpforms-208-field_1\">Email <span class=\"wpforms-required-label\">*<\/span><\/label><input type=\"email\" id=\"wpforms-208-field_1\" class=\"wpforms-field-large wpforms-field-required\" name=\"wpforms[fields][1]\" spellcheck=\"false\" required><\/div><div id=\"wpforms-208-field_2-container\" class=\"wpforms-field wpforms-field-textarea\" data-field-id=\"2\"><label class=\"wpforms-field-label\" for=\"wpforms-208-field_2\">Wiadomo\u015b\u0107 <span class=\"wpforms-required-label\">*<\/span><\/label><textarea id=\"wpforms-208-field_2\" class=\"wpforms-field-large wpforms-field-required\" name=\"wpforms[fields][2]\" required><\/textarea><\/div><script>\n\t\t\t\t( function() {\n\t\t\t\t\tconst style = document.createElement( 'style' );\n\t\t\t\t\tstyle.appendChild( document.createTextNode( '#wpforms-208-field_3-container { position: absolute !important; overflow: hidden !important; display: inline !important; height: 1px !important; width: 1px !important; z-index: -1000 !important; padding: 0 !important; } #wpforms-208-field_3-container input { visibility: hidden; } #wpforms-conversational-form-page #wpforms-208-field_3-container label { counter-increment: none; }' ) );\n\t\t\t\t\tdocument.head.appendChild( style );\n\t\t\t\t\tdocument.currentScript?.remove();\n\t\t\t\t} )();\n\t\t\t<\/script><\/div><!-- .wpforms-field-container --><div class=\"wpforms-field wpforms-field-hp\"><label for=\"wpforms-208-field-hp\" class=\"wpforms-field-label\">Name<\/label><input type=\"text\" name=\"wpforms[hp]\" id=\"wpforms-208-field-hp\" class=\"wpforms-field-medium\"><\/div><div class=\"wpforms-recaptcha-container wpforms-is-turnstile\" ><div class=\"wpforms-turnstile\" data-sitekey=\"0x4AAAAAACA8Vl3BZ-E7IYUY\" data-action=\"FormID-208\"><\/div><input type=\"text\" name=\"g-recaptcha-hidden\" class=\"wpforms-recaptcha-hidden\" style=\"position:absolute!important;clip:rect(0,0,0,0)!important;height:1px!important;width:1px!important;border:0!important;overflow:hidden!important;padding:0!important;margin:0!important;\" data-rule-turnstile=\"1\"><\/div><div class=\"wpforms-submit-container\" ><input type=\"hidden\" name=\"wpforms[id]\" value=\"208\"><input type=\"hidden\" name=\"page_title\" value=\"\"><input type=\"hidden\" name=\"page_url\" value=\"https:\/\/radzyminskitrail.pl\/index.php\/wp-json\/wp\/v2\/pages\/5\"><input type=\"hidden\" name=\"url_referer\" value=\"\"><button type=\"submit\" name=\"wpforms[submit]\" id=\"wpforms-submit-208\" class=\"wpforms-submit button color1\" data-alt-text=\"Wysy\u0142am...\" data-submit-text=\"Wy\u015blij\" aria-live=\"assertive\" value=\"wpforms-submit\">Wy\u015blij<\/button><\/div><\/form><\/div>  <!-- .wpforms-container --><\/div><\/div> <\/div><\/div> <\/div><\/div>","protected":false},"excerpt":{"rendered":"<p>Sponsorzy i Partnerzy 6 edycji biegu RADZYMI\u0143SKI TRAIL Bieg prze\u0142ajowy rozgrywany na dystansie 10km organizowany w lesie&nbsp;w Aleksandrowie k. Radzymina Radzymi\u0144ski Trail Celem biegu jest integracja lokalnego \u015brodowiska biegaczy, propagowanie zdrowego stylu \u017cycia, promocja atrakcyjnych teren\u00f3w le\u015bnych wok\u00f3\u0142 Radzymina, jak r\u00f3wnie\u017c edukacja w zakresie ekologii i dba\u0142o\u015bci o czysto\u015b\u0107 \u015brodowiska naturalnego. NATURA ZDROWIE EKOLOGIA RADZYMI\u0143SKI&hellip; <br \/> <a class=\"read-more\" href=\"https:\/\/radzyminskitrail.pl\/\">Read more<\/a><\/p>\n","protected":false},"author":1,"featured_media":0,"parent":0,"menu_order":0,"comment_status":"closed","ping_status":"closed","template":"page-templates\/homepage.php","meta":{"ngg_post_thumbnail":0,"footnotes":""},"class_list":["post-5","page","type-page","status-publish","hentry"],"_links":{"self":[{"href":"https:\/\/radzyminskitrail.pl\/index.php\/wp-json\/wp\/v2\/pages\/5","targetHints":{"allow":["GET"]}}],"collection":[{"href":"https:\/\/radzyminskitrail.pl\/index.php\/wp-json\/wp\/v2\/pages"}],"about":[{"href":"https:\/\/radzyminskitrail.pl\/index.php\/wp-json\/wp\/v2\/types\/page"}],"author":[{"embeddable":true,"href":"https:\/\/radzyminskitrail.pl\/index.php\/wp-json\/wp\/v2\/users\/1"}],"replies":[{"embeddable":true,"href":"https:\/\/radzyminskitrail.pl\/index.php\/wp-json\/wp\/v2\/comments?post=5"}],"version-history":[{"count":0,"href":"https:\/\/radzyminskitrail.pl\/index.php\/wp-json\/wp\/v2\/pages\/5\/revisions"}],"wp:attachment":[{"href":"https:\/\/radzyminskitrail.pl\/index.php\/wp-json\/wp\/v2\/media?parent=5"}],"curies":[{"name":"wp","href":"https:\/\/api.w.org\/{rel}","templated":true}]}}